{"id":272,"date":"2023-06-23T13:29:35","date_gmt":"2023-06-23T13:29:35","guid":{"rendered":"http:\/\/megi.local\/privacy-policy\/"},"modified":"2023-09-22T10:17:52","modified_gmt":"2023-09-22T10:17:52","slug":"ochrona-danych","status":"publish","type":"page","link":"https:\/\/megigmbh.de\/pl\/ochrona-danych\/","title":{"rendered":"Ochrona danych"},"content":{"rendered":"\n<p><strong>Og\u00f3lne odniesienie i informacje obowi\u0105zkowe<\/strong><strong><\/strong><\/p>\n\n\n\n<p><strong>Wyznaczenie organu odpowiedzialnego<\/strong><strong><\/strong><\/p>\n\n\n\n<p>Za przetwarzanie danych na tej stronie internetowej odpowiedzialny jest nast\u0119puj\u0105cy organ:<\/p>\n\n\n\n<p>Megi Vermietung GmbH<br>Domas Duma\u0161ius&nbsp;<br>Weinstra\u00dfe 89A<br>67278&nbsp;Bockenheim&nbsp;<\/p>\n\n\n\n<p>Organ odpowiedzialny, samodzielnie lub wsp\u00f3lnie z innymi, decyduje o celach i narz\u0119dziach&nbsp; przetwarzania danych osobowych (np. imion i nazwisk, danych kontaktowych itp.).<\/p>\n\n\n\n<p><strong>Wycofanie zgody na przetwarzanie danych<\/strong><strong><\/strong><\/p>\n\n\n\n<p>Niekt\u00f3re operacje przetwarzania danych s\u0105 mo\u017cliwe tylko za wyra\u017an\u0105 zgod\u0105 u\u017cytkownika. U\u017cytkownik mo\u017ce wycofa\u0107 swoj\u0105 zgod\u0119 w dowolnym momencie. Do wycofania zgody wystarczy nieformalne powiadomienie poczt\u0105 elektroniczn\u0105. Wycofanie zgody nie ma wp\u0142ywu na zgodno\u015b\u0107 z prawem przetwarzania danych przeprowadzonego przed jej wycofaniem.<\/p>\n\n\n\n<p><strong>Prawo do z\u0142o\u017cenia skargi do w\u0142a\u015bciwego organu nadzorczego<\/strong><strong><\/strong><\/p>\n\n\n\n<p>Jako osoba, kt\u00f3rej dane dotycz\u0105, u\u017cytkownik ma prawo do z\u0142o\u017cenia skargi do w\u0142a\u015bciwego organu nadzorczego w przypadku naruszenia ochrony danych. W\u0142a\u015bciwym organem nadzorczym w zakresie ochrony danych jest organ nadzorczy ds. ochrony danych upowa\u017cniony przez kraj zwi\u0105zkowy, w kt\u00f3rym nasza firma ma swoj\u0105 siedzib\u0119. Poni\u017cszy link zawiera list\u0119 upowa\u017cnionych przedstawicieli organ\u00f3w nadzorczych ds. ochrony danych oraz ich dane kontaktowe: <a href=\"https:\/\/www.bfdi.bund.de\/DE\/Infothek\/Anschriften_Links\/anschriften_links-node.html\">https:\/\/www.bfdi.bund.de\/DE\/Infothek\/Anschriften_Links\/anschriften_links-node.html<\/a>.<\/p>\n\n\n\n<p><strong>Prawo do przenoszenia danych <\/strong><strong><\/strong><\/p>\n\n\n\n<p>U\u017cytkownik lub osoby trzecie maj\u0105 prawo do otrzymywania danych, kt\u00f3re przetwarzamy automatycznie na podstawie zgody u\u017cytkownika lub w ramach realizacji umowy. Dane s\u0105 dostarczane w formacie nadaj\u0105cym si\u0119 do odczytu maszynowego. Je\u015bli u\u017cytkownik za\u017c\u0105da przekazania danych bezpo\u015brednio innej osobie odpowiedzialnej, mo\u017ce to nast\u0105pi\u0107 tylko wtedy, gdy jest to technicznie wykonalne.<\/p>\n\n\n\n<p><strong>Prawo do informacji, sprostowania, zablokowania, usuni\u0119cia<\/strong><strong><\/strong><\/p>\n\n\n\n<p>U\u017cytkownik ma prawo do uzyskania bezp\u0142atnie i w dowolnym momencie, zgodnie z obowi\u0105zuj\u0105cymi przepisami prawa, informacji o przechowywanych danych osobowych, ich pochodzeniu, odbiorcach i celu przetwarzania oraz, w stosownych przypadkach, prawo do sprostowania, zablokowania lub usuni\u0119cia tych danych. W przypadku jakichkolwiek pyta\u0144 dotycz\u0105cych danych osobowych lub jakichkolwiek innych pyta\u0144 w tym zakresie, u\u017cytkownik mo\u017ce skontaktowa\u0107 si\u0119 z nami w dowolnym momencie, korzystaj\u0105c z metod kontaktu wskazanych w materia\u0142ach drukowanych.<\/p>\n\n\n\n<p><strong>Szyfrowanie danych SSL i TLS<\/strong><strong><\/strong><\/p>\n\n\n\n<p>Ze wzgl\u0119d\u00f3w bezpiecze\u0144stwa i w celu ochrony transmisji poufnych tre\u015bci przesy\u0142anych do nas jako operatora strony internetowej, nasza strona internetowa wykorzystuje szyfrowanie danych SSL lub TLS. Oznacza to, \u017ce dane przesy\u0142ane za po\u015brednictwem tej witryny nie mog\u0105 by\u0107 odczytywane przez osoby trzecie. Po\u0142\u0105czenie szyfrowane mo\u017cna rozpozna\u0107 po wierszu adresu przegl\u0105darki \u201ehttps:\/\/&#8221; i symbolu k\u0142\u00f3dki w wierszu przegl\u0105darki.<\/p>\n\n\n\n<p><strong>Pliki dziennika serwera<\/strong><strong><\/strong><\/p>\n\n\n\n<p>Dostawca witryny automatycznie gromadzi i przechowuje w plikach dziennika serwera informacje, kt\u00f3re przegl\u0105darka u\u017cytkownika automatycznie przesy\u0142a do nas. Obejmuj\u0105 one:<\/p>\n\n\n\n<ul>\n<li>Stron\u0119 odwiedzon\u0105 w naszej domenie<\/li>\n\n\n\n<li>Dat\u0119 i godzin\u0119 zapytania serwera<\/li>\n\n\n\n<li>Typ i wersj\u0119 przegl\u0105darki<\/li>\n\n\n\n<li>U\u017cywany system operacyjny<\/li>\n\n\n\n<li>URL przesy\u0142ania<\/li>\n\n\n\n<li>Nazwa hosta urz\u0105dzenia dost\u0119powego<\/li>\n\n\n\n<li>Adres IP<\/li>\n<\/ul>\n\n\n\n<p>Dane te nie s\u0105 \u0142\u0105czone z innymi \u017ar\u00f3d\u0142ami danych. Podstaw\u0105 przetwarzania danych jest artyku\u0142 6 ust\u0119p 1 litera b) RODO, kt\u00f3ry zezwala na przetwarzanie danych w celu wykonania umowy lub \u015brodk\u00f3w przedumownych.<\/p>\n\n\n\n<p><strong>Formularz kontaktowy<\/strong><strong><\/strong><\/p>\n\n\n\n<p>Dane przes\u0142ane za pomoc\u0105 formularza kontaktowego, w tym dane kontaktowe, b\u0119d\u0105 przechowywane w celu przetworzenia zapytania lub udzielenia odpowiedzi na dalsze pytania. Dane te nie b\u0119d\u0105 przekazywane dalej bez zgody u\u017cytkownika.<strong><\/strong><\/p>\n\n\n\n<p>Dane wprowadzone w formularzu kontaktowym b\u0119d\u0105 przetwarzane wy\u0142\u0105cznie na podstawie zgody u\u017cytkownika (artyku\u0142 6&nbsp; ust\u0119p 1 litera (a) RODO). U\u017cytkownik mo\u017ce wycofa\u0107 swoj\u0105 zgod\u0119 w dowolnym momencie. Do wycofania zgody wystarczy nieformalne powiadomienie poczt\u0105 elektroniczn\u0105. Wycofanie zgody nie ma wp\u0142ywu na zgodno\u015b\u0107 z prawem przetwarzania danych przeprowadzonego przed jej wycofaniem.<\/p>\n\n\n\n<p>Dane przes\u0142ane za pomoc\u0105 formularza kontaktowego pozostan\u0105 u nas do czasu, gdy u\u017cytkownik za\u017c\u0105da ich usuni\u0119cia, wycofa swoj\u0105 zgod\u0119 lub nie b\u0119dzie ju\u017c potrzeby ich przechowywania. Obowi\u0105zuj\u0105ce przepisy prawne, w szczeg\u00f3lno\u015bci okresy przechowywania, pozostaj\u0105 niezmienione.<\/p>\n\n\n\n<p><strong>Cookie<\/strong><strong><\/strong><\/p>\n\n\n\n<p>Nasza strona internetowa wykorzystuje ciasteczka (cookie). S\u0105 to ma\u0142e pliki tekstowe, kt\u00f3re przegl\u0105darka internetowa zapisuje na urz\u0105dzeniu u\u017cytkownika. Pliki cookie pomagaj\u0105 nam uczyni\u0107 nasz\u0105 ofert\u0119 wygodniejsz\u0105, skuteczniejsz\u0105 i bezpieczniejsz\u0105.<\/p>\n\n\n\n<p>Niekt\u00f3re pliki cookie to \u201esesyjne pliki cookie\u2019. Takie pliki cookie s\u0105 automatycznie usuwane po zako\u0144czeniu sesji przegl\u0105dania. Jednak inne pliki cookie pozostaj\u0105 na urz\u0105dzeniu u\u017cytkownika do momentu ich usuni\u0119cia. Takie pliki cookie pomagaj\u0105 nam rozpozna\u0107 u\u017cytkownika po powrocie na nasz\u0105 stron\u0119 internetow\u0105.<\/p>\n\n\n\n<p>Za pomoc\u0105 nowoczesnej przegl\u0105darki internetowej mo\u017cna monitorowa\u0107 i ogranicza\u0107 lub zapobiega\u0107 ustawianiu plik\u00f3w cookie. Wiele przegl\u0105darek internetowych mo\u017cna skonfigurowa\u0107 tak, aby automatycznie usuwa\u0142y pliki cookie po zamkni\u0119ciu aplikacji. Wy\u0142\u0105czenie plik\u00f3w cookie mo\u017ce ograniczy\u0107 funkcjonalno\u015b\u0107 naszej strony internetowej.<\/p>\n\n\n\n<p>Ustawienie plik\u00f3w cookie niezb\u0119dnych do realizacji transakcji komunikacji elektronicznej lub do zapewnienia okre\u015blonych funkcji, kt\u00f3rych u\u017cytkownik potrzebuje (np. koszyka zakup\u00f3w), opiera si\u0119 na artyku\u0142 6 ust\u0119p 1 litera f) RODO. Jako operatorzy tej witryny internetowej mamy uzasadniony interes w przechowywaniu plik\u00f3w cookie w celu zapewnienia, \u017ce nasze us\u0142ugi s\u0105 \u015bwiadczone bez b\u0142\u0119d\u00f3w technicznych i p\u0142ynnie. Je\u015bli zostan\u0105 ustawione inne pliki cookie (np. dla funkcji analitycznych), b\u0119d\u0105 one traktowane oddzielnie w niniejszym o\u015bwiadczeniu o ochronie danych.<\/p>\n\n\n\n<p><strong>\u201eGoogle Analytics\u201d<\/strong><strong><\/strong><\/p>\n\n\n\n<p><strong>Metoda i zakres przetwarzania<\/strong><strong><\/strong><\/p>\n\n\n\n<p>Korzystamy z us\u0142ugi \u201eGoogle Analytics\u201d \u015bwiadczonej przez \u201eGoogle Ireland Limited\u201d, Gordon House, Barrow Street, Dublin 4, Irlandia, jako us\u0142ugi analizy internetowej w celu statystycznej oceny naszej oferty online. Obejmuje to na przyk\u0142ad liczb\u0119 wizyt w naszej ofercie online, odwiedzane strony pomocnicze i d\u0142ugo\u015b\u0107 pobytu odwiedzaj\u0105cych. \u201eGoogle Analytics\u201d wykorzystuje pliki cookie i inne technologie przegl\u0105darki do pomiaru i rozpoznawania zachowa\u0144 u\u017cytkownik\u00f3w. Informacje te s\u0105 wykorzystywane mi\u0119dzy innymi do tworzenia raport\u00f3w dotycz\u0105cych aktywno\u015bci na stronie internetowej.<\/p>\n\n\n\n<p><strong>Cel i podstawa prawna<\/strong><strong><\/strong><\/p>\n\n\n\n<p>&nbsp;Korzystanie z \u201eGoogle Analytics\u201d odbywa si\u0119 na podstawie zgody u\u017cytkownika zgodnie z artyku\u0142em 6 ust\u0119p 1 litera a) RODO i \u00a7 25 ust\u0119p 1 TTDSG.<\/p>\n\n\n\n<p>Zamierzamy przekazywa\u0107 dane osobowe do kraj\u00f3w trzecich spoza Europejskiego Obszaru Gospodarczego, w szczeg\u00f3lno\u015bci do USA. W przypadkach, w kt\u00f3rych Komisja Europejska nie podj\u0119\u0142a decyzji stwierdzaj\u0105cej odpowiedni stopie\u0144 ochrony (np. USA), uzgodnili\u015bmy z odbiorcami inne odpowiednie zabezpieczenia okre\u015blone w artykule 44 RODO i poni\u017cej. O ile nie okre\u015blono inaczej, s\u0105 to standardowe warunki umowne Komisji Europejskiej na mocy Decyzji wykonawczej (UE) 2021\/914 z dnia 4 czerwca 2021 r. Kopi\u0119 tych standardowych warunk\u00f3w umownych mo\u017cna znale\u017a\u0107 pod adresem: <a href=\"https:\/\/eur-lex.europa.eu\/legal-content\/DE\/TXT\/HTML\/?uri=CELEX:32021D0914&amp;from=DE\">https:\/\/eur-lex.europa.eu\/legal-content\/DE\/TXT\/HTML\/?uri=CELEX:32021D0914&amp;from=DE<\/a>&nbsp;<\/p>\n\n\n\n<p>Ponadto, przed takim przekazaniem danych stronie trzeciej uzyskujemy zgod\u0119 u\u017cytkownika zgodnie z artyku\u0142 49 ust\u0119p 1 zdanie 1 litera a) RODO, kt\u00f3r\u0105 u\u017cytkownik wyra\u017ca w mened\u017cerze zgody (lub w innych formularzach, rejestracjach itp.). Zwracamy uwag\u0119, \u017ce przekazywanie szczeg\u00f3\u0142owych danych stronom trzecim mo\u017ce wi\u0105za\u0107 si\u0119 z nieznanym ryzykiem (np. przetwarzanie danych przez organy bezpiecze\u0144stwa stron trzecich, kt\u00f3rego dok\u0142adnego zakresu i konsekwencji nie znamy i na kt\u00f3re nie mamy wp\u0142ywu, a u\u017cytkownik nie dowie si\u0119 o tym w takich okoliczno\u015bciach).<\/p>\n\n\n\n<p><strong>Okres przechowywania<\/strong><strong><\/strong><\/p>\n\n\n\n<p>Nie mo\u017cemy wp\u0142ywa\u0107 na konkretny czas przechowywania przetwarzanych przez nas danych, kt\u00f3ry jest okre\u015blany przez \u201eGoogle Ireland Limited&#8221;. Wi\u0119cej informacji mo\u017cna znale\u017a\u0107 w o\u015bwiadczeniu o ochronie danych \u201eGoogle Analytics\u201d:&nbsp;<a href=\"https:\/\/policies.google.com\/privacy\">https:\/\/policies.google.com\/privacy<\/a>.<\/p>\n\n\n\n<p><strong>\u201eGoogle reCAPTCHA\u201c<\/strong><strong><\/strong><\/p>\n\n\n\n<p><strong>Metoda i zakres przetwarzania<\/strong><strong><\/strong><\/p>\n\n\n\n<p>Na naszej stronie internetowej zintegrowali\u015bmy komponenty \u201eGoogle reCAPTCHA\u201d. \u201eGoogle reCAPTCHA\u201d to us\u0142uga \u015bwiadczona przez \u201eGoogle Ireland Limited\u201d, kt\u00f3ra umo\u017cliwia rozr\u00f3\u017cnienie, czy \u017c\u0105danie kontaktu pochodzi od osoby fizycznej, czy jest zautomatyzowane przez aplikacj\u0119. Gdy u\u017cytkownik uzyskuje dost\u0119p do tych tre\u015bci, \u0142\u0105czy si\u0119 z serwerami \u201eGoogle Ireland Limited\u2019, Gordon House, Barrow Street, Dublin 4, Irlandia, przez kt\u00f3re przesy\u0142any jest jego adres IP oraz, w stosownych przypadkach, dane przegl\u0105darki, takie jak agent u\u017cytkownika. Ponadto \u201eGoogle reCAPTCHA\u201d rejestruje obecno\u015b\u0107 u\u017cytkownika i ruchy myszy w celu odr\u00f3\u017cnienia \u017c\u0105da\u0144 automatycznych od \u017c\u0105da\u0144 ludzkich. Dane te s\u0105 przetwarzane wy\u0142\u0105cznie w celach okre\u015blonych powy\u017cej oraz w celu zapewnienia bezpiecze\u0144stwa i funkcjonalno\u015bci \u201eGoogle reCAPTCHA\u201d.<\/p>\n\n\n\n<p><strong>Cel i podstawa prawna<\/strong><strong><\/strong><\/p>\n\n\n\n<p>Korzystanie z \u201eGoogle reCAPTCHA\u201d odbywa si\u0119 na podstawie zgody u\u017cytkownika zgodnie z artyku\u0142em 6 ust\u0119p 1 litera a) RODO i \u00a7 25 ust\u0119p 1 TTDSG.<\/p>\n\n\n\n<p>Zamierzamy przekazywa\u0107 dane osobowe do kraj\u00f3w trzecich spoza Europejskiego Obszaru Gospodarczego, w szczeg\u00f3lno\u015bci do USA. W przypadkach, w kt\u00f3rych Komisja Europejska nie podj\u0119\u0142a decyzji stwierdzaj\u0105cej odpowiedni stopie\u0144 ochrony (np. USA), uzgodnili\u015bmy z odbiorcami inne odpowiednie zabezpieczenia okre\u015blone w artykule 44 RODO i poni\u017cej. O ile nie okre\u015blono inaczej, s\u0105 to standardowe warunki umowne Komisji Europejskiej na mocy Decyzji wykonawczej (UE) 2021\/914 z dnia 4 czerwca 2021 r. Kopi\u0119 tych standardowych warunk\u00f3w umownych mo\u017cna znale\u017a\u0107 pod adresem:&nbsp;<a href=\"https:\/\/eur-lex.europa.eu\/legal-content\/DE\/TXT\/HTML\/?uri=CELEX:32021D0914&amp;from=DE\">https:\/\/eur-lex.europa.eu\/legal-content\/DE\/TXT\/HTML\/?uri=CELEX:32021D0914&amp;from=DE<\/a>.<\/p>\n\n\n\n<p>Ponadto, przed takim przekazaniem danych stronie trzeciej uzyskujemy zgod\u0119 u\u017cytkownika zgodnie z artyku\u0142 49 ust\u0119p 1 zdanie 1 litera a) RODO, kt\u00f3r\u0105 u\u017cytkownik wyra\u017ca w mened\u017cerze zgody (lub w innych formularzach, rejestracjach itp.). Zwracamy uwag\u0119, \u017ce przekazywanie szczeg\u00f3\u0142owych danych stronom trzecim mo\u017ce wi\u0105za\u0107 si\u0119 z nieznanym ryzykiem (np. przetwarzanie danych przez organy bezpiecze\u0144stwa stron trzecich, kt\u00f3rego dok\u0142adnego zakresu i konsekwencji nie znamy i na kt\u00f3re nie mamy wp\u0142ywu, a u\u017cytkownik nie dowie si\u0119 o tym w takich okoliczno\u015bciach).<\/p>\n\n\n\n<p><strong>Okres przechowywania<\/strong><strong><\/strong><\/p>\n\n\n\n<p>Nie mo\u017cemy wp\u0142ywa\u0107 na konkretny czas przechowywania przetwarzanych przez nas danych, kt\u00f3ry jest okre\u015blany przez \u201eGoogle Ireland Limited&#8221;. Wi\u0119cej informacji mo\u017cna znale\u017a\u0107 w o\u015bwiadczeniu o ochronie danych \u201eGoogle reCAPTCHA\u201d&nbsp;<a href=\"https:\/\/policies.google.com\/privacy?hl=en-US\">https:\/\/policies.google.com\/privacy?hl=en-US<\/a>.<\/p>\n\n\n\n<p><strong>\u201eGoogle Ads\u201c<\/strong><strong><\/strong><\/p>\n\n\n\n<p><strong>Metoda i zakres przetwarzania<\/strong><strong><\/strong><\/p>\n\n\n\n<p>Na naszej stronie internetowej zintegrowali\u015bmy \u201eGoogle Ads\u201d. \u201eGoogle Ads\u201d to us\u0142uga \u015bwiadczona przez \u201eGoogle Ireland Limited\u201d w celu wy\u015bwietlania u\u017cytkownikom ukierunkowanych reklam. \u201eGoogle Ads\u201d wykorzystuje pliki cookie i inne technologie przegl\u0105darki do pomiaru i rozpoznawania zachowa\u0144 u\u017cytkownik\u00f3w.<\/p>\n\n\n\n<p>&nbsp;\u201eGoogle Ads\u201d zbiera informacje o zachowaniu os\u00f3b odwiedzaj\u0105cych r\u00f3\u017cne strony internetowe. Informacje te s\u0105 wykorzystywane do optymalizacji trafno\u015bci reklam. Ponadto \u201eGoogle Ads\u201d zapewnia ukierunkowane reklamy oparte na profilach behawioralnych i lokalizacji geograficznej. Adres IP u\u017cytkownika i inne dane identyfikacyjne, takie jak agent u\u017cytkownika, s\u0105 przesy\u0142ane do dostawcy.<\/p>\n\n\n\n<p>Je\u015bli u\u017cytkownik jest zarejestrowanym u\u017cytkownikiem us\u0142ugi \u201eGoogle Ireland Limited\u201d, \u201eGoogle Ads\u2019 mo\u017ce powi\u0105za\u0107 jego wizyt\u0119 z jego kontem. Nawet je\u015bli u\u017cytkownik nie jest zarejestrowany w \u201eGoogle Ireland Limited\u201d lub nie jest zalogowany, jego adres IP i inne dane identyfikacyjne mog\u0105 by\u0107 gromadzone i przechowywane przez us\u0142ugodawc\u0119.<\/p>\n\n\n\n<p>W takim przypadku dane u\u017cytkownika zostan\u0105 przes\u0142ane do operatora \u201eGoogle Ads\u201d, \u201eGoogle Ireland Limited\u201d, Gordon House, Barrow Street, Dublin 4, Irlandia.<\/p>\n\n\n\n<p><strong>Cel i podstawa prawna<\/strong><strong><\/strong><\/p>\n\n\n\n<p>Korzystanie z \u201eGoogle Ads\u201d odbywa si\u0119 na podstawie zgody u\u017cytkownika zgodnie z artyku\u0142em 6 ust\u0119p 1 litera a) RODO i \u00a7 25 ust\u0119p 1 TTDSG.<\/p>\n\n\n\n<p>Zamierzamy przekazywa\u0107 dane osobowe do kraj\u00f3w trzecich spoza Europejskiego Obszaru Gospodarczego, w szczeg\u00f3lno\u015bci do USA. W przypadkach, w kt\u00f3rych Komisja Europejska nie podj\u0119\u0142a decyzji stwierdzaj\u0105cej odpowiedni stopie\u0144 ochrony (np. USA), uzgodnili\u015bmy z odbiorcami inne odpowiednie zabezpieczenia okre\u015blone w artykule 44 RODO i poni\u017cej. O ile nie okre\u015blono inaczej, s\u0105 to standardowe warunki umowne Komisji Europejskiej na mocy Decyzji wykonawczej (UE) 2021\/914 z dnia 4 czerwca 2021 r. Kopi\u0119 tych standardowych warunk\u00f3w umownych mo\u017cna znale\u017a\u0107 pod adresem:&nbsp;&nbsp;<a href=\"https:\/\/eur-lex.europa.eu\/legal-content\/DE\/TXT\/HTML\/?uri=CELEX:32021D0914&amp;from=DE\">https:\/\/eur-lex.europa.eu\/legal-content\/DE\/TXT\/HTML\/?uri=CELEX:32021D0914&amp;from=DE<\/a>.<\/p>\n\n\n\n<p>Ponadto, przed takim przekazaniem danych stronie trzeciej uzyskujemy zgod\u0119 u\u017cytkownika zgodnie z artyku\u0142 49 ust\u0119p 1 zdanie 1 litera a) RODO, kt\u00f3r\u0105 u\u017cytkownik wyra\u017ca w mened\u017cerze zgody (lub w innych formularzach, rejestracjach itp.). Zwracamy uwag\u0119, \u017ce przekazywanie szczeg\u00f3\u0142owych danych stronom trzecim mo\u017ce wi\u0105za\u0107 si\u0119 z nieznanym ryzykiem (np. przetwarzanie danych przez organy bezpiecze\u0144stwa stron trzecich, kt\u00f3rego dok\u0142adnego zakresu i konsekwencji nie znamy i na kt\u00f3re nie mamy wp\u0142ywu, a u\u017cytkownik nie dowie si\u0119 o tym w takich okoliczno\u015bciach).<\/p>\n\n\n\n<p><strong>Okres przechowywania<\/strong><strong><\/strong><\/p>\n\n\n\n<p>Nie mo\u017cemy wp\u0142ywa\u0107 na konkretny czas przechowywania przetwarzanych przez nas danych, kt\u00f3ry jest okre\u015blany przez \u201eGoogle Ireland Limited&#8221;. Wi\u0119cej informacji mo\u017cna znale\u017a\u0107 w o\u015bwiadczeniu o ochronie danych \u201eGoogle Ads\u201d&nbsp;<a href=\"https:\/\/policies.google.com\/privacy\">https:\/\/policies.google.com\/privacy<\/a>.<\/p>\n\n\n\n<p><strong>\u201eGoogle Web Fonts\u201c<\/strong><strong><\/strong><\/p>\n\n\n\n<p><strong>Metoda i zakres przetwarzania<\/strong><strong><\/strong><\/p>\n\n\n\n<p>Korzystamy z us\u0142ugi \u201eGoogle Fonts\u201d \u015bwiadczonej przez \u201eGoogle Ireland Limited\u201d, Gordon House, Barrow Street, Dublin 4, Irlandia, jako us\u0142ugi czcionek dla naszej oferty online. Aby otrzyma\u0107 te czcionki, nale\u017cy po\u0142\u0105czy\u0107 si\u0119 z serwerami \u201eGoogle Ireland Limited\u201d, przez kt\u00f3re zostanie przes\u0142any adres IP u\u017cytkownika.<\/p>\n\n\n\n<p><strong>Cel i podstawa prawna<\/strong><strong><\/strong><\/p>\n\n\n\n<p>Korzystanie z \u201eGoogle Fonts\u201d odbywa si\u0119 na podstawie zgody u\u017cytkownika zgodnie z artyku\u0142em 6 ust\u0119p 1 litera a) RODO i \u00a7 25 ust\u0119p 1 TTDSG.<\/p>\n\n\n\n<p>Zamierzamy przekazywa\u0107 dane osobowe do kraj\u00f3w trzecich spoza Europejskiego Obszaru Gospodarczego, w szczeg\u00f3lno\u015bci do USA. W przypadkach, w kt\u00f3rych Komisja Europejska nie podj\u0119\u0142a decyzji stwierdzaj\u0105cej odpowiedni stopie\u0144 ochrony (np. USA), uzgodnili\u015bmy z odbiorcami inne odpowiednie zabezpieczenia okre\u015blone w artykule 44 RODO i poni\u017cej. O ile nie okre\u015blono inaczej, s\u0105 to standardowe warunki umowne Komisji Europejskiej na mocy Decyzji wykonawczej (UE) 2021\/914 z dnia 4 czerwca 2021 r. Kopi\u0119 tych standardowych warunk\u00f3w umownych mo\u017cna znale\u017a\u0107 pod adresem: <a href=\"https:\/\/eur-lex.europa.eu\/legal-content\/DE\/TXT\/HTML\/?uri=CELEX:32021D0914&amp;from=DE\">https:\/\/eur-lex.europa.eu\/legal-content\/DE\/TXT\/HTML\/?uri=CELEX:32021D0914&amp;from=DE<\/a>.<\/p>\n\n\n\n<p>Ponadto, przed takim przekazaniem danych stronie trzeciej uzyskujemy zgod\u0119 u\u017cytkownika zgodnie z artyku\u0142 49 ust\u0119p 1 zdanie 1 litera a) RODO, kt\u00f3r\u0105 u\u017cytkownik wyra\u017ca w mened\u017cerze zgody (lub w innych formularzach, rejestracjach itp.). Zwracamy uwag\u0119, \u017ce przekazywanie szczeg\u00f3\u0142owych danych stronom trzecim mo\u017ce wi\u0105za\u0107 si\u0119 z nieznanym ryzykiem (np. przetwarzanie danych przez organy bezpiecze\u0144stwa stron trzecich, kt\u00f3rego dok\u0142adnego zakresu i konsekwencji nie znamy i na kt\u00f3re nie mamy wp\u0142ywu, a u\u017cytkownik nie dowie si\u0119 o tym w takich okoliczno\u015bciach).<\/p>\n\n\n\n<p><strong>Okres przechowywania<\/strong><strong><\/strong><\/p>\n\n\n\n<p>Nie mo\u017cemy wp\u0142ywa\u0107 na konkretny czas przechowywania przetwarzanych przez nas danych, kt\u00f3ry jest okre\u015blany przez \u201eGoogle Ireland Limited&#8221;. Wi\u0119cej informacji mo\u017cna znale\u017a\u0107 w o\u015bwiadczeniu o ochronie danych \u201eGoogle Fonts\u201d&nbsp;<a href=\"https:\/\/policies.google.com\/privacy\">https:\/\/policies.google.com\/privacy<\/a>.<\/p>\n","protected":false},"excerpt":{"rendered":"<p>Og\u00f3lne odniesienie i informacje obowi\u0105zkowe Wyznaczenie organu odpowiedzialnego Za przetwarzanie danych na tej stronie internetowej odpowiedzialny jest nast\u0119puj\u0105cy organ: Megi Vermietung GmbHDomas Duma\u0161ius&nbsp;Weinstra\u00dfe 89A67278&nbsp;Bockenheim&nbsp; Organ odpowiedzialny, samodzielnie lub wsp\u00f3lnie z innymi, decyduje o celach i narz\u0119dziach&nbsp; przetwarzania danych osobowych (np. imion i nazwisk, danych kontaktowych itp.). Wycofanie zgody na przetwarzanie danych Niekt\u00f3re operacje przetwarzania danych &hellip; <a href=\"https:\/\/megigmbh.de\/pl\/ochrona-danych\/\">Continued<\/a><\/p>\n","protected":false},"author":1,"featured_media":0,"parent":0,"menu_order":0,"comment_status":"closed","ping_status":"closed","template":"","meta":{"inline_featured_image":false},"acf":[],"yoast_head":"<!-- This site is optimized with the Yoast SEO plugin v20.11 - https:\/\/yoast.com\/wordpress\/plugins\/seo\/ -->\n<title>Ochrona danych - Megi<\/title>\n<meta name=\"robots\" content=\"index, follow, max-snippet:-1, max-image-preview:large, max-video-preview:-1\" \/>\n<link rel=\"canonical\" href=\"https:\/\/megigmbh.de\/pl\/ochrona-danych\/\" \/>\n<meta property=\"og:locale\" content=\"pl_PL\" \/>\n<meta property=\"og:type\" content=\"article\" \/>\n<meta property=\"og:title\" content=\"Ochrona danych - Megi\" \/>\n<meta property=\"og:description\" content=\"Og\u00f3lne odniesienie i informacje obowi\u0105zkowe Wyznaczenie organu odpowiedzialnego Za przetwarzanie danych na tej stronie internetowej odpowiedzialny jest nast\u0119puj\u0105cy organ: Megi Vermietung GmbHDomas Duma\u0161ius&nbsp;Weinstra\u00dfe 89A67278&nbsp;Bockenheim&nbsp; Organ odpowiedzialny, samodzielnie lub wsp\u00f3lnie z innymi, decyduje o celach i narz\u0119dziach&nbsp; przetwarzania danych osobowych (np. imion i nazwisk, danych kontaktowych itp.). Wycofanie zgody na przetwarzanie danych Niekt\u00f3re operacje przetwarzania danych &hellip; Continued\" \/>\n<meta property=\"og:url\" content=\"https:\/\/megigmbh.de\/pl\/ochrona-danych\/\" \/>\n<meta property=\"og:site_name\" content=\"Megi\" \/>\n<meta property=\"article:modified_time\" content=\"2023-09-22T10:17:52+00:00\" \/>\n<meta name=\"twitter:card\" content=\"summary_large_image\" \/>\n<meta name=\"twitter:label1\" content=\"Est. reading time\" \/>\n\t<meta name=\"twitter:data1\" content=\"9 minut\" \/>\n<script type=\"application\/ld+json\" class=\"yoast-schema-graph\">{\"@context\":\"https:\/\/schema.org\",\"@graph\":[{\"@type\":\"WebPage\",\"@id\":\"https:\/\/megigmbh.de\/pl\/ochrona-danych\/\",\"url\":\"https:\/\/megigmbh.de\/pl\/ochrona-danych\/\",\"name\":\"Ochrona danych - Megi\",\"isPartOf\":{\"@id\":\"https:\/\/megigmbh.de\/pl\/#website\"},\"datePublished\":\"2023-06-23T13:29:35+00:00\",\"dateModified\":\"2023-09-22T10:17:52+00:00\",\"breadcrumb\":{\"@id\":\"https:\/\/megigmbh.de\/pl\/ochrona-danych\/#breadcrumb\"},\"inLanguage\":\"pl-PL\",\"potentialAction\":[{\"@type\":\"ReadAction\",\"target\":[\"https:\/\/megigmbh.de\/pl\/ochrona-danych\/\"]}]},{\"@type\":\"BreadcrumbList\",\"@id\":\"https:\/\/megigmbh.de\/pl\/ochrona-danych\/#breadcrumb\",\"itemListElement\":[{\"@type\":\"ListItem\",\"position\":1,\"name\":\"Home\",\"item\":\"https:\/\/megigmbh.de\/pl\/\"},{\"@type\":\"ListItem\",\"position\":2,\"name\":\"Ochrona danych\"}]},{\"@type\":\"WebSite\",\"@id\":\"https:\/\/megigmbh.de\/pl\/#website\",\"url\":\"https:\/\/megigmbh.de\/pl\/\",\"name\":\"Megi\",\"description\":\"\",\"publisher\":{\"@id\":\"https:\/\/megigmbh.de\/pl\/#organization\"},\"potentialAction\":[{\"@type\":\"SearchAction\",\"target\":{\"@type\":\"EntryPoint\",\"urlTemplate\":\"https:\/\/megigmbh.de\/pl\/?s={search_term_string}\"},\"query-input\":\"required name=search_term_string\"}],\"inLanguage\":\"pl-PL\"},{\"@type\":\"Organization\",\"@id\":\"https:\/\/megigmbh.de\/pl\/#organization\",\"name\":\"Megi\",\"url\":\"https:\/\/megigmbh.de\/pl\/\",\"logo\":{\"@type\":\"ImageObject\",\"inLanguage\":\"pl-PL\",\"@id\":\"https:\/\/megigmbh.de\/pl\/#\/schema\/logo\/image\/\",\"url\":\"http:\/\/megi.local\/wp-content\/uploads\/2023\/06\/logo.svg\",\"contentUrl\":\"http:\/\/megi.local\/wp-content\/uploads\/2023\/06\/logo.svg\",\"width\":102,\"height\":54,\"caption\":\"Megi\"},\"image\":{\"@id\":\"https:\/\/megigmbh.de\/pl\/#\/schema\/logo\/image\/\"}}]}<\/script>\n<!-- \/ Yoast SEO plugin. -->","yoast_head_json":{"title":"Ochrona danych - Megi","robots":{"index":"index","follow":"follow","max-snippet":"max-snippet:-1","max-image-preview":"max-image-preview:large","max-video-preview":"max-video-preview:-1"},"canonical":"https:\/\/megigmbh.de\/pl\/ochrona-danych\/","og_locale":"pl_PL","og_type":"article","og_title":"Ochrona danych - Megi","og_description":"Og\u00f3lne odniesienie i informacje obowi\u0105zkowe Wyznaczenie organu odpowiedzialnego Za przetwarzanie danych na tej stronie internetowej odpowiedzialny jest nast\u0119puj\u0105cy organ: Megi Vermietung GmbHDomas Duma\u0161ius&nbsp;Weinstra\u00dfe 89A67278&nbsp;Bockenheim&nbsp; Organ odpowiedzialny, samodzielnie lub wsp\u00f3lnie z innymi, decyduje o celach i narz\u0119dziach&nbsp; przetwarzania danych osobowych (np. imion i nazwisk, danych kontaktowych itp.). Wycofanie zgody na przetwarzanie danych Niekt\u00f3re operacje przetwarzania danych &hellip; Continued","og_url":"https:\/\/megigmbh.de\/pl\/ochrona-danych\/","og_site_name":"Megi","article_modified_time":"2023-09-22T10:17:52+00:00","twitter_card":"summary_large_image","twitter_misc":{"Est. reading time":"9 minut"},"schema":{"@context":"https:\/\/schema.org","@graph":[{"@type":"WebPage","@id":"https:\/\/megigmbh.de\/pl\/ochrona-danych\/","url":"https:\/\/megigmbh.de\/pl\/ochrona-danych\/","name":"Ochrona danych - Megi","isPartOf":{"@id":"https:\/\/megigmbh.de\/pl\/#website"},"datePublished":"2023-06-23T13:29:35+00:00","dateModified":"2023-09-22T10:17:52+00:00","breadcrumb":{"@id":"https:\/\/megigmbh.de\/pl\/ochrona-danych\/#breadcrumb"},"inLanguage":"pl-PL","potentialAction":[{"@type":"ReadAction","target":["https:\/\/megigmbh.de\/pl\/ochrona-danych\/"]}]},{"@type":"BreadcrumbList","@id":"https:\/\/megigmbh.de\/pl\/ochrona-danych\/#breadcrumb","itemListElement":[{"@type":"ListItem","position":1,"name":"Home","item":"https:\/\/megigmbh.de\/pl\/"},{"@type":"ListItem","position":2,"name":"Ochrona danych"}]},{"@type":"WebSite","@id":"https:\/\/megigmbh.de\/pl\/#website","url":"https:\/\/megigmbh.de\/pl\/","name":"Megi","description":"","publisher":{"@id":"https:\/\/megigmbh.de\/pl\/#organization"},"potentialAction":[{"@type":"SearchAction","target":{"@type":"EntryPoint","urlTemplate":"https:\/\/megigmbh.de\/pl\/?s={search_term_string}"},"query-input":"required name=search_term_string"}],"inLanguage":"pl-PL"},{"@type":"Organization","@id":"https:\/\/megigmbh.de\/pl\/#organization","name":"Megi","url":"https:\/\/megigmbh.de\/pl\/","logo":{"@type":"ImageObject","inLanguage":"pl-PL","@id":"https:\/\/megigmbh.de\/pl\/#\/schema\/logo\/image\/","url":"http:\/\/megi.local\/wp-content\/uploads\/2023\/06\/logo.svg","contentUrl":"http:\/\/megi.local\/wp-content\/uploads\/2023\/06\/logo.svg","width":102,"height":54,"caption":"Megi"},"image":{"@id":"https:\/\/megigmbh.de\/pl\/#\/schema\/logo\/image\/"}}]}},"_links":{"self":[{"href":"https:\/\/megigmbh.de\/pl\/wp-json\/wp\/v2\/pages\/272"}],"collection":[{"href":"https:\/\/megigmbh.de\/pl\/wp-json\/wp\/v2\/pages"}],"about":[{"href":"https:\/\/megigmbh.de\/pl\/wp-json\/wp\/v2\/types\/page"}],"author":[{"embeddable":true,"href":"https:\/\/megigmbh.de\/pl\/wp-json\/wp\/v2\/users\/1"}],"replies":[{"embeddable":true,"href":"https:\/\/megigmbh.de\/pl\/wp-json\/wp\/v2\/comments?post=272"}],"version-history":[{"count":5,"href":"https:\/\/megigmbh.de\/pl\/wp-json\/wp\/v2\/pages\/272\/revisions"}],"predecessor-version":[{"id":694,"href":"https:\/\/megigmbh.de\/pl\/wp-json\/wp\/v2\/pages\/272\/revisions\/694"}],"wp:attachment":[{"href":"https:\/\/megigmbh.de\/pl\/wp-json\/wp\/v2\/media?parent=272"}],"curies":[{"name":"wp","href":"https:\/\/api.w.org\/{rel}","templated":true}]}}